{"id":3,"date":"2022-05-02T09:28:47","date_gmt":"2022-05-02T07:28:47","guid":{"rendered":"https:\/\/www.kvpgroup.eu\/de\/?page_id=3"},"modified":"2025-07-15T22:22:04","modified_gmt":"2025-07-15T20:22:04","slug":"ochrana-sukromia","status":"publish","type":"page","link":"https:\/\/www.kvpgroup.eu\/de\/ochrana-sukromia\/","title":{"rendered":"Z\u00e1sady ochrany osobn\u00fdch \u00fadajov"},"content":{"rendered":"<p>[et_pb_section fb_built=&#8220;1&#8243; admin_label=&#8220;Services&#8220; _builder_version=&#8220;4.17.3&#8243; _module_preset=&#8220;default&#8220; custom_margin=&#8220;73px||||false|false&#8220; custom_padding=&#8220;51px||44px|||&#8220; locked=&#8220;off&#8220; global_colors_info=&#8220;{}&#8220;][et_pb_row _builder_version=&#8220;4.16&#8243; _module_preset=&#8220;default&#8220; background_size=&#8220;initial&#8220; background_position=&#8220;top_left&#8220; background_repeat=&#8220;repeat&#8220; custom_width_px=&#8220;710px&#8220; global_colors_info=&#8220;{}&#8220;][et_pb_column type=&#8220;4_4&#8243; _builder_version=&#8220;4.16&#8243; _module_preset=&#8220;default&#8220; background_position=&#8220;top_left&#8220; custom_padding=&#8220;|||&#8220; global_colors_info=&#8220;{}&#8220; custom_padding__hover=&#8220;|||&#8220;][et_pb_divider color=&#8220;#30618e&#8220; divider_weight=&#8220;3px&#8220; disabled_on=&#8220;off|off|off&#8220; _builder_version=&#8220;4.17.3&#8243; _module_preset=&#8220;default&#8220; background_color_gradient_direction=&#8220;90deg&#8220; max_width=&#8220;100px&#8220; module_alignment=&#8220;center&#8220; height=&#8220;5px&#8220; custom_margin=&#8220;||20px|&#8220; custom_padding=&#8220;||20px|&#8220; animation_style=&#8220;slide&#8220; animation_direction=&#8220;bottom&#8220; saved_tabs=&#8220;all&#8220; locked=&#8220;off&#8220; global_colors_info=&#8220;{}&#8220;][\/et_pb_divider][et_pb_cta title=&#8220;Datenschutz und Verarbeitung personenbezogener Daten \u2013 Rechte der betroffenen Person&#8220; button_url=&#8220;#&#8220; admin_label=&#8220;Feature 01&#8243; _builder_version=&#8220;4.17.4&#8243; _module_preset=&#8220;default&#8220; header_font=&#8220;Roboto||||||||&#8220; header_text_color=&#8220;#1f1f1f&#8220; header_font_size=&#8220;36&#8243; header_line_height=&#8220;1.4em&#8220; body_font=&#8220;Open Sans||||||||&#8220; body_font_size=&#8220;15px&#8220; use_background_color=&#8220;off&#8220; custom_button=&#8220;on&#8220; button_text_size=&#8220;16px&#8220; button_text_color=&#8220;#ffffff&#8220; button_bg_color=&#8220;#f3766b&#8220; button_border_width=&#8220;0px&#8220; button_border_color=&#8220;#6eba01&#8243; button_border_radius=&#8220;0&#8243; button_letter_spacing=&#8220;2&#8243; button_font=&#8220;Roboto|||on|||||&#8220; button_use_icon=&#8220;off&#8220; text_orientation=&#8220;left&#8220; background_layout=&#8220;light&#8220; module_alignment=&#8220;left&#8220; custom_padding=&#8220;||19px||false|false&#8220; animation_style=&#8220;fold&#8220; animation_direction=&#8220;bottom&#8220; animation_intensity_fold=&#8220;15%&#8220; hover_enabled=&#8220;0&#8243; button_text_color_hover=&#8220;#6eba01&#8243; button_border_color_hover=&#8220;#6eba01&#8243; button_border_radius_hover=&#8220;0&#8243; button_letter_spacing_hover=&#8220;2&#8243; button_bg_color_hover=&#8220;rgba(0,0,0,0)&#8220; saved_tabs=&#8220;all&#8220; locked=&#8220;off&#8220; global_colors_info=&#8220;{}&#8220; button_text_size__hover_enabled=&#8220;off&#8220; button_one_text_size__hover_enabled=&#8220;off&#8220; button_two_text_size__hover_enabled=&#8220;off&#8220; button_text_color__hover_enabled=&#8220;on|hover&#8220; button_text_color__hover=&#8220;#f3766b&#8220; button_one_text_color__hover_enabled=&#8220;off&#8220; button_two_text_color__hover_enabled=&#8220;off&#8220; button_border_width__hover_enabled=&#8220;off&#8220; button_one_border_width__hover_enabled=&#8220;off&#8220; button_two_border_width__hover_enabled=&#8220;off&#8220; button_border_color__hover_enabled=&#8220;on&#8220; button_border_color__hover=&#8220;#6eba01&#8243; button_one_border_color__hover_enabled=&#8220;off&#8220; button_two_border_color__hover_enabled=&#8220;off&#8220; button_border_radius__hover_enabled=&#8220;on&#8220; button_border_radius__hover=&#8220;0&#8243; button_one_border_radius__hover_enabled=&#8220;off&#8220; button_two_border_radius__hover_enabled=&#8220;off&#8220; button_letter_spacing__hover_enabled=&#8220;on&#8220; button_letter_spacing__hover=&#8220;2&#8243; button_one_letter_spacing__hover_enabled=&#8220;off&#8220; button_two_letter_spacing__hover_enabled=&#8220;off&#8220; button_bg_color__hover_enabled=&#8220;on&#8220; button_bg_color__hover=&#8220;rgba(0,0,0,0)&#8220; button_one_bg_color__hover_enabled=&#8220;off&#8220; button_two_bg_color__hover_enabled=&#8220;off&#8220; sticky_enabled=&#8220;0&#8243;]<\/p>\n<h3 data-start=\"181\" data-end=\"243\">Einwilligung in die Verarbeitung personenbezogener Daten<\/h3>\n<p data-start=\"244\" data-end=\"724\">Mit der Erteilung der Einwilligung zur Verarbeitung personenbezogener Daten stimmt die betroffene Person zu, dass die Gesellschaft <strong data-start=\"375\" data-end=\"394\">KVP Tech s.r.o.<\/strong>, Kuku\u010dinova 22, 974 01 Bansk\u00e1 Bystrica, Slowakei, Handelsregisternummer: 55530001, eingetragen im Handelsregister beim Bezirksgericht Bansk\u00e1 Bystrica, Abteilung <strong data-start=\"582\" data-end=\"589\">Sro<\/strong>, Einlage <strong data-start=\"599\" data-end=\"610\">39743\/S <\/strong>(im Folgenden \u201e<strong data-start=\"598\" data-end=\"618\">Verantwortlicher<\/strong>\u201c genannt), gem\u00e4\u00df der <strong data-start=\"640\" data-end=\"679\">Datenschutz-Grundverordnung (DSGVO)<\/strong> folgende personenbezogene Daten verarbeitet:<\/p>\n<ul data-start=\"726\" data-end=\"855\">\n<li data-start=\"726\" data-end=\"747\">\n<p data-start=\"728\" data-end=\"747\">Vor- und Nachname<\/p>\n<\/li>\n<li data-start=\"748\" data-end=\"762\">\n<p data-start=\"750\" data-end=\"762\">Firmenname<\/p>\n<\/li>\n<li data-start=\"763\" data-end=\"774\">\n<p data-start=\"765\" data-end=\"774\">Adresse<\/p>\n<\/li>\n<li data-start=\"775\" data-end=\"819\">\n<p data-start=\"777\" data-end=\"819\">E-Mail-Adresse: <a data-start=\"793\" data-end=\"817\" class=\"cursor-pointer\" rel=\"noopener\">anton.pavlak@kvpgroup.eu<\/a><\/p>\n<\/li>\n<li data-start=\"820\" data-end=\"855\">\n<p data-start=\"822\" data-end=\"855\">Telefonnummer: +421 949 230 280<\/p>\n<\/li>\n<\/ul>\n<p data-start=\"857\" data-end=\"1010\">Diese Daten werden ausschlie\u00dflich zum Zweck der Kontaktaufnahme und Kommunikation verarbeitet. Die Speicherung erfolgt f\u00fcr eine Dauer von 2<strong data-start=\"995\" data-end=\"1009\">\u00a0Jahren<\/strong>.<\/p>\n<h3 data-start=\"1012\" data-end=\"1054\">Verarbeitung personenbezogener Daten<\/h3>\n<p data-start=\"1055\" data-end=\"1262\">Mit der Zustimmung erkl\u00e4rt sich die betroffene Person ausdr\u00fccklich mit der oben genannten Verarbeitung einverstanden. Die Einwilligung kann jederzeit mit Wirkung f\u00fcr die Zukunft per E-Mail widerrufen werden.<\/p>\n<p data-start=\"1264\" data-end=\"1426\">Die Verarbeitung erfolgt direkt durch den <strong data-start=\"1306\" data-end=\"1326\">Verantwortlichen<\/strong>. Dar\u00fcber hinaus k\u00f6nnen die personenbezogenen Daten durch folgende Dienstleister verarbeitet werden:<\/p>\n<ul data-start=\"1428\" data-end=\"1598\">\n<li data-start=\"1428\" data-end=\"1467\">\n<p data-start=\"1430\" data-end=\"1467\">Hosting-Provider: <strong data-start=\"1448\" data-end=\"1465\">Websupport.sk<\/strong><\/p>\n<\/li>\n<li data-start=\"1468\" data-end=\"1598\">\n<p data-start=\"1470\" data-end=\"1598\">sowie ggf. weitere Anbieter von Websystemen, Dienstleistungen oder Applikationen, die derzeit nicht in Anspruch genommen werden.<\/p>\n<\/li>\n<\/ul>\n<h3 data-start=\"1600\" data-end=\"1635\">Rechte der betroffenen Person<\/h3>\n<p data-start=\"1636\" data-end=\"1704\">Nach der <strong data-start=\"1645\" data-end=\"1654\">DSGVO<\/strong> stehen der betroffenen Person folgende Rechte zu:<\/p>\n<ul data-start=\"1706\" data-end=\"2342\">\n<li data-start=\"1706\" data-end=\"1762\">\n<p data-start=\"1708\" data-end=\"1762\">das Recht, die Einwilligung jederzeit zu widerrufen,<\/p>\n<\/li>\n<li data-start=\"1763\" data-end=\"1841\">\n<p data-start=\"1765\" data-end=\"1841\">das Recht auf Auskunft, welche personenbezogenen Daten verarbeitet werden,<\/p>\n<\/li>\n<li data-start=\"1842\" data-end=\"1912\">\n<p data-start=\"1844\" data-end=\"1912\">das Recht auf Berichtigung unrichtiger oder unvollst\u00e4ndiger Daten,<\/p>\n<\/li>\n<li data-start=\"1913\" data-end=\"2012\">\n<p data-start=\"1915\" data-end=\"2012\">das Recht auf L\u00f6schung der gespeicherten personenbezogenen Daten (\u201eRecht auf Vergessenwerden\u201c),<\/p>\n<\/li>\n<li data-start=\"2013\" data-end=\"2062\">\n<p data-start=\"2015\" data-end=\"2062\">das Recht auf Einschr\u00e4nkung der Verarbeitung,<\/p>\n<\/li>\n<li data-start=\"2063\" data-end=\"2102\">\n<p data-start=\"2065\" data-end=\"2102\">das Recht auf Daten\u00fcbertragbarkeit,<\/p>\n<\/li>\n<li data-start=\"2103\" data-end=\"2164\">\n<p data-start=\"2105\" data-end=\"2164\">das Recht, Widerspruch gegen die Verarbeitung einzulegen,<\/p>\n<\/li>\n<li data-start=\"2165\" data-end=\"2342\">\n<p data-start=\"2167\" data-end=\"2342\">sowie das Recht, sich bei einer <strong data-start=\"2199\" data-end=\"2235\">Aufsichtsbeh\u00f6rde f\u00fcr Datenschutz<\/strong> zu beschweren, wenn der Verdacht besteht, dass die Verarbeitung gegen geltendes Datenschutzrecht verst\u00f6\u00dft.<\/p>\n<\/li>\n<\/ul>\n<p data-start=\"2344\" data-end=\"2541\">In Deutschland ist die zust\u00e4ndige Aufsichtsbeh\u00f6rde beispielsweise das <strong data-start=\"2414\" data-end=\"2491\">Bundesbeauftragte f\u00fcr den Datenschutz und die Informationsfreiheit (BfDI)<\/strong> oder die zust\u00e4ndige <strong data-start=\"2512\" data-end=\"2540\">Landesdatenschutzbeh\u00f6rde<\/strong>.<\/p>\n<p data-start=\"2543\" data-end=\"2645\"><strong data-start=\"2546\" data-end=\"2645\">Kontaktieren Sie uns jederzeit, wenn Sie Fragen zum Schutz Ihrer personenbezogenen Daten haben.<\/strong><\/p>\n<p>[\/et_pb_cta][\/et_pb_column][\/et_pb_row][\/et_pb_section]<\/p>\n","protected":false},"excerpt":{"rendered":"<p>Einwilligung in die Verarbeitung personenbezogener Daten Mit der Erteilung der Einwilligung zur Verarbeitung personenbezogener Daten stimmt die betroffene Person zu, dass die Gesellschaft KVP Tech s.r.o., Kuku\u010dinova 22, 974 01 Bansk\u00e1 Bystrica, Slowakei, Handelsregisternummer: 55530001, eingetragen im Handelsregister beim Bezirksgericht Bansk\u00e1 Bystrica, Abteilung Sro, Einlage 39743\/S (im Folgenden \u201eVerantwortlicher\u201c genannt), gem\u00e4\u00df der Datenschutz-Grundverordnung (DSGVO) folgende [&hellip;]<\/p>\n","protected":false},"author":1,"featured_media":0,"parent":0,"menu_order":0,"comment_status":"closed","ping_status":"open","template":"","meta":{"_et_pb_use_builder":"on","_et_pb_old_content":"<!-- wp:heading -->\n<h2>Kto sme<\/h2>\n<!-- \/wp:heading -->\n\n<!-- wp:paragraph -->\n<p><strong class=\"privacy-policy-tutorial\">Navrhovan\u00fd text: <\/strong>Adresa na\u0161ej webovej str\u00e1nky je: https:\/\/www.kvpgroup.eu\/de.<\/p>\n<!-- \/wp:paragraph -->\n\n<!-- wp:heading -->\n<h2>Koment\u00e1re<\/h2>\n<!-- \/wp:heading -->\n\n<!-- wp:paragraph -->\n<p><strong class=\"privacy-policy-tutorial\">Navrhovan\u00fd text: <\/strong>Ke\u010f n\u00e1v\u0161tevn\u00edci webu zanechavaj\u00fa na str\u00e1nke koment\u00e1re, zbierame \u00fadaje, ktor\u00e9 s\u00fa zobrazen\u00e9 vo formul\u00e1ri koment\u00e1ra a taktie\u017e IP adresu pou\u017e\u00edvate\u013eov a user-agent prehliada\u010da z d\u00f4vodu ochrany proti spamu.<\/p>\n<!-- \/wp:paragraph -->\n\n<!-- wp:paragraph -->\n<p>Anonymizovan\u00fd re\u0165azec vytvoren\u00fd z va\u0161ej e-mailovej adresy (naz\u00fdvan\u00fd aj hash) m\u00f4\u017ee by\u0165 poskytnut\u00fd slu\u017ebe Gravatar pre overenie, \u010di ju pou\u017e\u00edvate. Z\u00e1sady ochrany osobn\u00fdch \u00fadajov slu\u017eby Gravatar n\u00e1jdete na: https:\/\/automattic.com\/privacy\/. Po schv\u00e1len\u00ed v\u00e1\u0161ho koment\u00e1ra bude va\u0161a profilov\u00e1 fotografia verejne zobrazen\u00e1 spolu s obsahom v\u00e1\u0161ho koment\u00e1ra.<\/p>\n<!-- \/wp:paragraph -->\n\n<!-- wp:heading -->\n<h2>Multim\u00e9di\u00e1<\/h2>\n<!-- \/wp:heading -->\n\n<!-- wp:paragraph -->\n<p><strong class=\"privacy-policy-tutorial\">Navrhovan\u00fd text: <\/strong>Pri nahr\u00e1van\u00ed obr\u00e1zkov na webov\u00fa str\u00e1nku by ste sa mali vyhn\u00fa\u0165 nahr\u00e1vaniu obr\u00e1zkov s EXIF GPS \u00fadajmi o polohe. N\u00e1v\u0161tevn\u00edci webu m\u00f4\u017eu stiahnu\u0165 a zobrazi\u0165 ak\u00e9ko\u013evek \u00fadaje o polohe z obr\u00e1zkov.<\/p>\n<!-- \/wp:paragraph -->\n\n<!-- wp:heading -->\n<h2>S\u00fabory cookies<\/h2>\n<!-- \/wp:heading -->\n\n<!-- wp:paragraph -->\n<p><strong class=\"privacy-policy-tutorial\">Navrhovan\u00fd text: <\/strong>Ak prid\u00e1te koment\u00e1r na na\u0161ej str\u00e1nke, m\u00f4\u017eete s\u00fahlasi\u0165 s ulo\u017een\u00edm v\u00e1\u0161ho mena, e-mailovej adresy a webovej str\u00e1nky do s\u00faborov cookies. Je to pre va\u0161e pohodlie, aby ste nemuseli op\u00e4tovne vyp\u013a\u0148a\u0165 va\u0161e \u00fadaje znovu pri prid\u00e1van\u00ed \u010fal\u0161ieho koment\u00e1ra. Tieto s\u00fabory cookies s\u00fa platn\u00e9 jeden rok.<\/p>\n<!-- \/wp:paragraph -->\n\n<!-- wp:paragraph -->\n<p>Ak nav\u0161t\u00edvite na\u0161u str\u00e1nku prihl\u00e1senia, ulo\u017e\u00edme do\u010dasn\u00e9 s\u00fabory cookies na ur\u010denie toho, \u010di v\u00e1\u0161 prehliada\u010d akceptuje s\u00fabory cookies. Tieto s\u00fabory cookies neobsahuj\u00fa \u017eiadne osobn\u00e9 \u00fadaje a s\u00fa odstr\u00e1nen\u00e9 pri zatvoren\u00ed prehliada\u010da.<\/p>\n<!-- \/wp:paragraph -->\n\n<!-- wp:paragraph -->\n<p>Pri prihl\u00e1sen\u00ed nastav\u00edme nieko\u013eko s\u00faborov cookies, aby sme ulo\u017eili va\u0161e prihlasovacie \u00fadaje a nastavenia zobrazenia. Prihlasovacie cookies s\u00fa platn\u00e9 dva dni a nastavenia zobrazenia jeden rok. Ak zvol\u00edte mo\u017enos\u0165 \"zapam\u00e4ta\u0165\", va\u0161e prihl\u00e1senie bude platn\u00e9 dva t\u00fd\u017edne. Pri odhl\u00e1sen\u00ed sa z v\u00e1\u0161ho \u00fa\u010dtu s\u00fa s\u00fabory cookies odstr\u00e1nen\u00e9. <\/p>\n<!-- \/wp:paragraph -->\n\n<!-- wp:paragraph -->\n<p>Pri \u00faprave alebo publikovan\u00ed \u010dl\u00e1nku bud\u00fa vo va\u0161om prehliada\u010di ulo\u017een\u00e9 dodato\u010dn\u00e9 s\u00fabory cookies. Tieto s\u00fabory cookies neobsahuj\u00fa \u017eiadne osobn\u00e9 \u00fadaje a odkazuj\u00fa iba na ID \u010dl\u00e1nku, ktor\u00fd ste upravovali. S\u00fabory s\u00fa platn\u00e9 1 de\u0148.<\/p>\n<!-- \/wp:paragraph -->\n\n<!-- wp:heading -->\n<h2>Vlo\u017een\u00fd obsah z in\u00fdch webov\u00fdch str\u00e1nok<\/h2>\n<!-- \/wp:heading -->\n\n<!-- wp:paragraph -->\n<p><strong class=\"privacy-policy-tutorial\">Navrhovan\u00fd text: <\/strong>\u010cl\u00e1nky na tejto webovej str\u00e1nke m\u00f4\u017eu obsahova\u0165 vlo\u017een\u00fd obsah (napr. vide\u00e1, obr\u00e1zky, \u010dl\u00e1nky a podobne). Vlo\u017een\u00fd obsah z in\u00fdch str\u00e1nok sa chov\u00e1 rovnako, akoby n\u00e1v\u0161tevn\u00edk nav\u0161t\u00edvil in\u00fa webov\u00fa str\u00e1nku. <\/p>\n<!-- \/wp:paragraph -->\n\n<!-- wp:paragraph -->\n<p>Tieto webov\u00e9 str\u00e1nky m\u00f4\u017eu o v\u00e1s zbiera\u0165 osobn\u00e9 \u00fadaje, pou\u017e\u00edva\u0165 s\u00fabory cookies, vklada\u0165 tre\u0165o-strann\u00e9 sledovanie a monitorova\u0165 va\u0161u interakciu s vlo\u017een\u00fdm obsahom, v\u010detne sledovania va\u0161ej interakcie s vlo\u017een\u00fdm obsahom, ak na danej webovej str\u00e1nke m\u00e1te \u00fa\u010det a ste prihl\u00e1sen\u00fd. <\/p>\n<!-- \/wp:paragraph -->\n\n<!-- wp:heading -->\n<h2>S k\u00fdm zdie\u013eame va\u0161e \u00fadaje<\/h2>\n<!-- \/wp:heading -->\n\n<!-- wp:paragraph -->\n<p><strong class=\"privacy-policy-tutorial\">Navrhovan\u00fd text: <\/strong>Ak po\u017eadujete obnovenie hesla, va\u0161a adresa IP bude uveden\u00e1 v e-maile na obnovenie hesla.<\/p>\n<!-- \/wp:paragraph -->\n\n<!-- wp:heading -->\n<h2>Ako dlho uchov\u00e1vame va\u0161e \u00fadaje<\/h2>\n<!-- \/wp:heading -->\n\n<!-- wp:paragraph -->\n<p><strong class=\"privacy-policy-tutorial\">Navrhovan\u00fd text: <\/strong>Pri prid\u00e1van\u00ed koment\u00e1ra, koment\u00e1r a jeho meta\u00fadaje s\u00fa uchov\u00e1van\u00e9 oddelene. V\u010faka tomu vieme automaticky rozpozna\u0165 a schv\u00e1li\u0165 ak\u00e9ko\u013evek s\u00favisiace koment\u00e1re bez toho, aby museli by\u0165 podr\u017ean\u00e9 na moder\u00e1ciu.<\/p>\n<!-- \/wp:paragraph -->\n\n<!-- wp:paragraph -->\n<p>Pre pou\u017e\u00edvate\u013eov, ktor\u00ed sa zaregistruj\u00fa na na\u0161ich webov\u00fdch str\u00e1nkach (ak tak\u00ed existuj\u00fa), uklad\u00e1me aj osobn\u00e9 \u00fadaje, ktor\u00e9 poskytuj\u00fa, do ich u\u017e\u00edvate\u013esk\u00e9ho profilu. V\u0161etci pou\u017e\u00edvatelia m\u00f4\u017eu kedyko\u013evek zobrazi\u0165, upravi\u0165 alebo odstr\u00e1ni\u0165 svoje osobn\u00e9 \u00fadaje (okrem zmeny pou\u017e\u00edvate\u013esk\u00e9ho). Spr\u00e1vcovia webov\u00fdch str\u00e1nok tie\u017e m\u00f4\u017eu zobrazi\u0165 a upravi\u0165 tieto inform\u00e1cie.<\/p>\n<!-- \/wp:paragraph -->\n\n<!-- wp:heading -->\n<h2>Ak\u00e9 pr\u00e1va m\u00e1te nad svojimi \u00fadajmi<\/h2>\n<!-- \/wp:heading -->\n\n<!-- wp:paragraph -->\n<p><strong class=\"privacy-policy-tutorial\">Navrhovan\u00fd text: <\/strong>Ak na tejto webovej str\u00e1nke m\u00e1te \u00fa\u010det, alebo ste tu pridali koment\u00e1r, m\u00f4\u017eete po\u017eiada\u0165 o export va\u0161ich osobn\u00fdch \u00fadajov, ktor\u00e9 o v\u00e1s uklad\u00e1me, v\u010detne \u00fadajov, ktor\u00e9 ste n\u00e1m poskytli. M\u00f4\u017eete tak isto po\u017eiada\u0165 o vymazanie osobn\u00fdch \u00fadajov. To sa ale net\u00fdka \u00fadajov, ktor\u00e9 o v\u00e1s mus\u00edme uchov\u00e1va\u0165 z administrat\u00edvnych, pr\u00e1vnych alebo bezpe\u010dnostn\u00fdch d\u00f4vodov. <\/p>\n<!-- \/wp:paragraph -->\n\n<!-- wp:heading -->\n<h2>Kam posielame va\u0161e \u00fadaje<\/h2>\n<!-- \/wp:heading -->\n\n<!-- wp:paragraph -->\n<p><strong class=\"privacy-policy-tutorial\">Navrhovan\u00fd text: <\/strong>Koment\u00e1re n\u00e1v\u0161tevn\u00edkov m\u00f4\u017eu by\u0165 kontrolovan\u00e9 prostredn\u00edctvom automatizovanej slu\u017eby na detekciu spamu.<\/p>\n<!-- \/wp:paragraph -->","_et_gb_content_width":"","_monsterinsights_skip_tracking":false,"_monsterinsights_sitenote_active":false,"_monsterinsights_sitenote_note":"","_monsterinsights_sitenote_category":0},"yoast_head":"<!-- This site is optimized with the Yoast SEO plugin v19.1 - https:\/\/yoast.com\/wordpress\/plugins\/seo\/ -->\n<title>Z\u00e1sady ochrany osobn\u00fdch \u00fadajov - KVP Group<\/title>\n<meta name=\"robots\" content=\"index, follow, max-snippet:-1, max-image-preview:large, max-video-preview:-1\" \/>\n<link rel=\"canonical\" href=\"https:\/\/www.kvpgroup.eu\/de\/ochrana-sukromia\/\" \/>\n<meta property=\"og:locale\" content=\"sk_SK\" \/>\n<meta property=\"og:type\" content=\"article\" \/>\n<meta property=\"og:title\" content=\"Z\u00e1sady ochrany osobn\u00fdch \u00fadajov - KVP Group\" \/>\n<meta property=\"og:description\" content=\"Einwilligung in die Verarbeitung personenbezogener Daten Mit der Erteilung der Einwilligung zur Verarbeitung personenbezogener Daten stimmt die betroffene Person zu, dass die Gesellschaft KVP Tech s.r.o., Kuku\u010dinova 22, 974 01 Bansk\u00e1 Bystrica, Slowakei, Handelsregisternummer: 55530001, eingetragen im Handelsregister beim Bezirksgericht Bansk\u00e1 Bystrica, Abteilung Sro, Einlage 39743\/S (im Folgenden \u201eVerantwortlicher\u201c genannt), gem\u00e4\u00df der Datenschutz-Grundverordnung (DSGVO) folgende [&hellip;]\" \/>\n<meta property=\"og:url\" content=\"https:\/\/www.kvpgroup.eu\/de\/ochrana-sukromia\/\" \/>\n<meta property=\"og:site_name\" content=\"KVP Group\" \/>\n<meta property=\"article:modified_time\" content=\"2025-07-15T20:22:04+00:00\" \/>\n<meta name=\"twitter:card\" content=\"summary_large_image\" \/>\n<meta name=\"twitter:label1\" content=\"Predpokladan\u00fd \u010das \u010d\u00edtania\" \/>\n\t<meta name=\"twitter:data1\" content=\"4 min\u00faty\" \/>\n<script type=\"application\/ld+json\" class=\"yoast-schema-graph\">{\"@context\":\"https:\/\/schema.org\",\"@graph\":[{\"@type\":\"WebSite\",\"@id\":\"https:\/\/www.kvpgroup.eu\/de\/#website\",\"url\":\"https:\/\/www.kvpgroup.eu\/de\/\",\"name\":\"KVP Group\",\"description\":\"Len \u010fal\u0161ia WordPress str\u00e1nka\",\"potentialAction\":[{\"@type\":\"SearchAction\",\"target\":{\"@type\":\"EntryPoint\",\"urlTemplate\":\"https:\/\/www.kvpgroup.eu\/de\/?s={search_term_string}\"},\"query-input\":\"required name=search_term_string\"}],\"inLanguage\":\"sk-SK\"},{\"@type\":\"WebPage\",\"@id\":\"https:\/\/www.kvpgroup.eu\/de\/ochrana-sukromia\/#webpage\",\"url\":\"https:\/\/www.kvpgroup.eu\/de\/ochrana-sukromia\/\",\"name\":\"Z\u00e1sady ochrany osobn\u00fdch \u00fadajov - KVP Group\",\"isPartOf\":{\"@id\":\"https:\/\/www.kvpgroup.eu\/de\/#website\"},\"datePublished\":\"2022-05-02T07:28:47+00:00\",\"dateModified\":\"2025-07-15T20:22:04+00:00\",\"breadcrumb\":{\"@id\":\"https:\/\/www.kvpgroup.eu\/de\/ochrana-sukromia\/#breadcrumb\"},\"inLanguage\":\"sk-SK\",\"potentialAction\":[{\"@type\":\"ReadAction\",\"target\":[\"https:\/\/www.kvpgroup.eu\/de\/ochrana-sukromia\/\"]}]},{\"@type\":\"BreadcrumbList\",\"@id\":\"https:\/\/www.kvpgroup.eu\/de\/ochrana-sukromia\/#breadcrumb\",\"itemListElement\":[{\"@type\":\"ListItem\",\"position\":1,\"name\":\"Home\",\"item\":\"https:\/\/www.kvpgroup.eu\/de\/\"},{\"@type\":\"ListItem\",\"position\":2,\"name\":\"Z\u00e1sady ochrany osobn\u00fdch \u00fadajov\"}]}]}<\/script>\n<!-- \/ Yoast SEO plugin. -->","yoast_head_json":{"title":"Z\u00e1sady ochrany osobn\u00fdch \u00fadajov - KVP Group","robots":{"index":"index","follow":"follow","max-snippet":"max-snippet:-1","max-image-preview":"max-image-preview:large","max-video-preview":"max-video-preview:-1"},"canonical":"https:\/\/www.kvpgroup.eu\/de\/ochrana-sukromia\/","og_locale":"sk_SK","og_type":"article","og_title":"Z\u00e1sady ochrany osobn\u00fdch \u00fadajov - KVP Group","og_description":"Einwilligung in die Verarbeitung personenbezogener Daten Mit der Erteilung der Einwilligung zur Verarbeitung personenbezogener Daten stimmt die betroffene Person zu, dass die Gesellschaft KVP Tech s.r.o., Kuku\u010dinova 22, 974 01 Bansk\u00e1 Bystrica, Slowakei, Handelsregisternummer: 55530001, eingetragen im Handelsregister beim Bezirksgericht Bansk\u00e1 Bystrica, Abteilung Sro, Einlage 39743\/S (im Folgenden \u201eVerantwortlicher\u201c genannt), gem\u00e4\u00df der Datenschutz-Grundverordnung (DSGVO) folgende [&hellip;]","og_url":"https:\/\/www.kvpgroup.eu\/de\/ochrana-sukromia\/","og_site_name":"KVP Group","article_modified_time":"2025-07-15T20:22:04+00:00","twitter_card":"summary_large_image","twitter_misc":{"Predpokladan\u00fd \u010das \u010d\u00edtania":"4 min\u00faty"},"schema":{"@context":"https:\/\/schema.org","@graph":[{"@type":"WebSite","@id":"https:\/\/www.kvpgroup.eu\/de\/#website","url":"https:\/\/www.kvpgroup.eu\/de\/","name":"KVP Group","description":"Len \u010fal\u0161ia WordPress str\u00e1nka","potentialAction":[{"@type":"SearchAction","target":{"@type":"EntryPoint","urlTemplate":"https:\/\/www.kvpgroup.eu\/de\/?s={search_term_string}"},"query-input":"required name=search_term_string"}],"inLanguage":"sk-SK"},{"@type":"WebPage","@id":"https:\/\/www.kvpgroup.eu\/de\/ochrana-sukromia\/#webpage","url":"https:\/\/www.kvpgroup.eu\/de\/ochrana-sukromia\/","name":"Z\u00e1sady ochrany osobn\u00fdch \u00fadajov - KVP Group","isPartOf":{"@id":"https:\/\/www.kvpgroup.eu\/de\/#website"},"datePublished":"2022-05-02T07:28:47+00:00","dateModified":"2025-07-15T20:22:04+00:00","breadcrumb":{"@id":"https:\/\/www.kvpgroup.eu\/de\/ochrana-sukromia\/#breadcrumb"},"inLanguage":"sk-SK","potentialAction":[{"@type":"ReadAction","target":["https:\/\/www.kvpgroup.eu\/de\/ochrana-sukromia\/"]}]},{"@type":"BreadcrumbList","@id":"https:\/\/www.kvpgroup.eu\/de\/ochrana-sukromia\/#breadcrumb","itemListElement":[{"@type":"ListItem","position":1,"name":"Home","item":"https:\/\/www.kvpgroup.eu\/de\/"},{"@type":"ListItem","position":2,"name":"Z\u00e1sady ochrany osobn\u00fdch \u00fadajov"}]}]}},"_links":{"self":[{"href":"https:\/\/www.kvpgroup.eu\/de\/wp-json\/wp\/v2\/pages\/3"}],"collection":[{"href":"https:\/\/www.kvpgroup.eu\/de\/wp-json\/wp\/v2\/pages"}],"about":[{"href":"https:\/\/www.kvpgroup.eu\/de\/wp-json\/wp\/v2\/types\/page"}],"author":[{"embeddable":true,"href":"https:\/\/www.kvpgroup.eu\/de\/wp-json\/wp\/v2\/users\/1"}],"replies":[{"embeddable":true,"href":"https:\/\/www.kvpgroup.eu\/de\/wp-json\/wp\/v2\/comments?post=3"}],"version-history":[{"count":6,"href":"https:\/\/www.kvpgroup.eu\/de\/wp-json\/wp\/v2\/pages\/3\/revisions"}],"predecessor-version":[{"id":874,"href":"https:\/\/www.kvpgroup.eu\/de\/wp-json\/wp\/v2\/pages\/3\/revisions\/874"}],"wp:attachment":[{"href":"https:\/\/www.kvpgroup.eu\/de\/wp-json\/wp\/v2\/media?parent=3"}],"curies":[{"name":"wp","href":"https:\/\/api.w.org\/{rel}","templated":true}]}}